{"id":4226,"date":"2020-04-15T09:26:50","date_gmt":"2020-04-15T09:26:50","guid":{"rendered":"https:\/\/www.zeichnungsverlag.ch\/urnes\/"},"modified":"2020-05-14T07:21:40","modified_gmt":"2020-05-14T07:21:40","slug":"urnes","status":"publish","type":"page","link":"https:\/\/www.zeichnungsverlag.ch\/fr\/urnes\/","title":{"rendered":"Urnes"},"content":{"rendered":"<section class=\"l-section wpb_row height_medium\"><div class=\"l-section-h i-cf\"><div class=\"g-cols vc_row via_flex valign_top type_default stacking_default\"><div class=\"vc_col-sm-12 wpb_column vc_column_container\"><div class=\"vc_column-inner\"><div class=\"wpb_wrapper\"><div class=\"w-grid us_grid type_grid layout_4700 cols_3 preload_style_spinner ratio_1x1\" id=\"us_grid_1\" style=\"--columns:3;--gap:1.5rem;--item-ratio:1;\" data-filterable=\"true\"><style>@media (max-width:1024px){#us_grid_1{--columns:2!important}}@media (max-width:600px){#us_grid_1{--columns:1!important}}.layout_4700 .w-grid-item-h{}.layout_4700 .usg_post_image_1{transition-duration:0.3s;transform-origin:50% 50%;transform:scale(0.8) translate(0%,0%)}.layout_4700 .w-grid-item-h:focus-within .usg_post_image_1,.layout_4700 .w-grid-item-h:hover .usg_post_image_1{transform:scale(1) translate(0%,0%);opacity:0.5}.layout_4700 .usg_vwrapper_1{transition-duration:0.3s;transform-origin:50% 50%;transform:scale(1.5) translate(0,0);opacity:0}.layout_4700 .w-grid-item-h:focus-within .usg_vwrapper_1,.layout_4700 .w-grid-item-h:hover .usg_vwrapper_1{transform:scale(1) translate(0,0);opacity:1}.layout_4700 .usg_post_image_1{position:absolute!important;left:0!important;top:0!important;bottom:0!important;right:0!important}.layout_4700 .usg_vwrapper_1{position:absolute!important;top:0!important;right:0!important;bottom:0!important;left:0!important;padding:2rem!important}.layout_4700 .usg_post_title_1{color:inherit!important;font-size:1.4rem!important}<\/style><div class=\"w-grid-list\">\t<article class=\"w-grid-item size_1x1 custom-link post-4630 post type-post status-publish format-standard has-post-thumbnail hentry category-top-produits category-urnes\" data-id=\"4630\">\r\n\t\t<div class=\"w-grid-item-h\">\r\n\t\t\t\t\t\t\t<a href=\"{&quot;url&quot;:&quot;&quot;,&quot;target&quot;:&quot;&quot;}\" aria-label=\"Brass\u00e9e de roses\"><\/a>\r\n\t\t\t\t\t\t<div class=\"w-post-elm post_image usg_post_image_1 stretched\"><a href=\"https:\/\/www.zeichnungsverlag.ch\/fr\/nouveau-2020-brassee-de-roses\/\" aria-label=\"Brass\u00e9e de roses\"><img loading=\"lazy\" decoding=\"async\" width=\"1024\" height=\"1024\" src=\"https:\/\/www.zeichnungsverlag.ch\/wp-content\/uploads\/2020\/03\/4060_Urnen-Rosenbl\u00fcten-1024x1024.jpg\" class=\"attachment-large size-large wp-post-image\" alt=\"\" srcset=\"https:\/\/www.zeichnungsverlag.ch\/wp-content\/uploads\/2020\/03\/4060_Urnen-Rosenbl\u00fcten-1024x1024.jpg 1024w, https:\/\/www.zeichnungsverlag.ch\/wp-content\/uploads\/2020\/03\/4060_Urnen-Rosenbl\u00fcten-300x300.jpg 300w, https:\/\/www.zeichnungsverlag.ch\/wp-content\/uploads\/2020\/03\/4060_Urnen-Rosenbl\u00fcten-150x150.jpg 150w, https:\/\/www.zeichnungsverlag.ch\/wp-content\/uploads\/2020\/03\/4060_Urnen-Rosenbl\u00fcten-1536x1536.jpg 1536w, https:\/\/www.zeichnungsverlag.ch\/wp-content\/uploads\/2020\/03\/4060_Urnen-Rosenbl\u00fcten-2048x2048.jpg 2048w, https:\/\/www.zeichnungsverlag.ch\/wp-content\/uploads\/2020\/03\/4060_Urnen-Rosenbl\u00fcten-768x768.jpg 768w, https:\/\/www.zeichnungsverlag.ch\/wp-content\/uploads\/2020\/03\/4060_Urnen-Rosenbl\u00fcten-500x500.jpg 500w\" sizes=\"auto, (max-width: 1024px) 100vw, 1024px\" \/><\/a><\/div><div class=\"w-vwrapper usg_vwrapper_1 align_center valign_middle\"><h2 class=\"w-post-elm post_title usg_post_title_1 has_text_color entry-title color_link_inherit\"><a href=\"https:\/\/www.zeichnungsverlag.ch\/fr\/nouveau-2020-brassee-de-roses\/\">Brass\u00e9e de roses<\/a><\/h2><\/div>\t\t<\/div>\r\n\t\t\t<\/article>\r\n\t<article class=\"w-grid-item size_1x1 custom-link post-4280 post type-post status-publish format-standard has-post-thumbnail hentry category-top-produits category-urnes\" data-id=\"4280\">\r\n\t\t<div class=\"w-grid-item-h\">\r\n\t\t\t\t\t\t\t<a href=\"{&quot;url&quot;:&quot;&quot;,&quot;target&quot;:&quot;&quot;}\" aria-label=\"L\u2019orchidee\"><\/a>\r\n\t\t\t\t\t\t<div class=\"w-post-elm post_image usg_post_image_1 stretched\"><a href=\"https:\/\/www.zeichnungsverlag.ch\/fr\/nouveau-2019-lorchidee-2\/\" aria-label=\"L\u2019orchidee\"><img loading=\"lazy\" decoding=\"async\" width=\"600\" height=\"600\" src=\"https:\/\/www.zeichnungsverlag.ch\/wp-content\/uploads\/2019\/04\/4050_Urnen-Orchidee.jpg\" class=\"attachment-large size-large wp-post-image\" alt=\"\" srcset=\"https:\/\/www.zeichnungsverlag.ch\/wp-content\/uploads\/2019\/04\/4050_Urnen-Orchidee.jpg 600w, https:\/\/www.zeichnungsverlag.ch\/wp-content\/uploads\/2019\/04\/4050_Urnen-Orchidee-150x150.jpg 150w, https:\/\/www.zeichnungsverlag.ch\/wp-content\/uploads\/2019\/04\/4050_Urnen-Orchidee-300x300.jpg 300w, https:\/\/www.zeichnungsverlag.ch\/wp-content\/uploads\/2019\/04\/4050_Urnen-Orchidee-500x500.jpg 500w\" sizes=\"auto, (max-width: 600px) 100vw, 600px\" \/><\/a><\/div><div class=\"w-vwrapper usg_vwrapper_1 align_center valign_middle\"><h2 class=\"w-post-elm post_title usg_post_title_1 has_text_color entry-title color_link_inherit\"><a href=\"https:\/\/www.zeichnungsverlag.ch\/fr\/nouveau-2019-lorchidee-2\/\">L\u2019orchidee<\/a><\/h2><\/div>\t\t<\/div>\r\n\t\t\t<\/article>\r\n\t<article class=\"w-grid-item size_1x1 custom-link post-4180 post type-post status-publish format-standard has-post-thumbnail hentry category-urnes\" data-id=\"4180\">\r\n\t\t<div class=\"w-grid-item-h\">\r\n\t\t\t\t\t\t\t<a href=\"{&quot;url&quot;:&quot;&quot;,&quot;target&quot;:&quot;&quot;}\" aria-label=\"Le ruisseau\"><\/a>\r\n\t\t\t\t\t\t<div class=\"w-post-elm post_image usg_post_image_1 stretched\"><a href=\"https:\/\/www.zeichnungsverlag.ch\/fr\/le-ruisseau\/\" aria-label=\"Le ruisseau\"><img loading=\"lazy\" decoding=\"async\" width=\"1024\" height=\"1024\" src=\"https:\/\/www.zeichnungsverlag.ch\/wp-content\/uploads\/2019\/04\/0000_Urnen-Bach-1024x1024.jpg\" class=\"attachment-large size-large wp-post-image\" alt=\"\" srcset=\"https:\/\/www.zeichnungsverlag.ch\/wp-content\/uploads\/2019\/04\/0000_Urnen-Bach-1024x1024.jpg 1024w, https:\/\/www.zeichnungsverlag.ch\/wp-content\/uploads\/2019\/04\/0000_Urnen-Bach-150x150.jpg 150w, https:\/\/www.zeichnungsverlag.ch\/wp-content\/uploads\/2019\/04\/0000_Urnen-Bach-300x300.jpg 300w, https:\/\/www.zeichnungsverlag.ch\/wp-content\/uploads\/2019\/04\/0000_Urnen-Bach-768x768.jpg 768w, https:\/\/www.zeichnungsverlag.ch\/wp-content\/uploads\/2019\/04\/0000_Urnen-Bach-500x500.jpg 500w, https:\/\/www.zeichnungsverlag.ch\/wp-content\/uploads\/2019\/04\/0000_Urnen-Bach-600x600.jpg 600w\" sizes=\"auto, (max-width: 1024px) 100vw, 1024px\" \/><\/a><\/div><div class=\"w-vwrapper usg_vwrapper_1 align_center valign_middle\"><h2 class=\"w-post-elm post_title usg_post_title_1 has_text_color entry-title color_link_inherit\"><a href=\"https:\/\/www.zeichnungsverlag.ch\/fr\/le-ruisseau\/\">Le ruisseau<\/a><\/h2><\/div>\t\t<\/div>\r\n\t\t\t<\/article>\r\n\t<article class=\"w-grid-item size_1x1 custom-link post-4232 post type-post status-publish format-standard has-post-thumbnail hentry category-top-produits category-urnes\" data-id=\"4232\">\r\n\t\t<div class=\"w-grid-item-h\">\r\n\t\t\t\t\t\t\t<a href=\"{&quot;url&quot;:&quot;&quot;,&quot;target&quot;:&quot;&quot;}\" aria-label=\"La clairi\u00e8re\"><\/a>\r\n\t\t\t\t\t\t<div class=\"w-post-elm post_image usg_post_image_1 stretched\"><a href=\"https:\/\/www.zeichnungsverlag.ch\/fr\/la-clairiere\/\" aria-label=\"La clairi\u00e8re\"><img loading=\"lazy\" decoding=\"async\" width=\"1024\" height=\"1024\" src=\"https:\/\/www.zeichnungsverlag.ch\/wp-content\/uploads\/2019\/04\/0000_Urnen-Lichtung-1024x1024.jpg\" class=\"attachment-large size-large wp-post-image\" alt=\"\" srcset=\"https:\/\/www.zeichnungsverlag.ch\/wp-content\/uploads\/2019\/04\/0000_Urnen-Lichtung-1024x1024.jpg 1024w, https:\/\/www.zeichnungsverlag.ch\/wp-content\/uploads\/2019\/04\/0000_Urnen-Lichtung-150x150.jpg 150w, https:\/\/www.zeichnungsverlag.ch\/wp-content\/uploads\/2019\/04\/0000_Urnen-Lichtung-300x300.jpg 300w, https:\/\/www.zeichnungsverlag.ch\/wp-content\/uploads\/2019\/04\/0000_Urnen-Lichtung-768x768.jpg 768w, https:\/\/www.zeichnungsverlag.ch\/wp-content\/uploads\/2019\/04\/0000_Urnen-Lichtung-500x500.jpg 500w, https:\/\/www.zeichnungsverlag.ch\/wp-content\/uploads\/2019\/04\/0000_Urnen-Lichtung-600x600.jpg 600w\" sizes=\"auto, (max-width: 1024px) 100vw, 1024px\" \/><\/a><\/div><div class=\"w-vwrapper usg_vwrapper_1 align_center valign_middle\"><h2 class=\"w-post-elm post_title usg_post_title_1 has_text_color entry-title color_link_inherit\"><a href=\"https:\/\/www.zeichnungsverlag.ch\/fr\/la-clairiere\/\">La clairi\u00e8re<\/a><\/h2><\/div>\t\t<\/div>\r\n\t\t\t<\/article>\r\n\t<article class=\"w-grid-item size_1x1 custom-link post-4240 post type-post status-publish format-standard has-post-thumbnail hentry category-urnes\" data-id=\"4240\">\r\n\t\t<div class=\"w-grid-item-h\">\r\n\t\t\t\t\t\t\t<a href=\"{&quot;url&quot;:&quot;&quot;,&quot;target&quot;:&quot;&quot;}\" aria-label=\"La passerelle\"><\/a>\r\n\t\t\t\t\t\t<div class=\"w-post-elm post_image usg_post_image_1 stretched\"><a href=\"https:\/\/www.zeichnungsverlag.ch\/fr\/la-passerelle\/\" aria-label=\"La passerelle\"><img loading=\"lazy\" decoding=\"async\" width=\"1024\" height=\"1024\" src=\"https:\/\/www.zeichnungsverlag.ch\/wp-content\/uploads\/2019\/05\/0000_Urnen-Steg-1024x1024.jpg\" class=\"attachment-large size-large wp-post-image\" alt=\"\" srcset=\"https:\/\/www.zeichnungsverlag.ch\/wp-content\/uploads\/2019\/05\/0000_Urnen-Steg-1024x1024.jpg 1024w, https:\/\/www.zeichnungsverlag.ch\/wp-content\/uploads\/2019\/05\/0000_Urnen-Steg-150x150.jpg 150w, https:\/\/www.zeichnungsverlag.ch\/wp-content\/uploads\/2019\/05\/0000_Urnen-Steg-300x300.jpg 300w, https:\/\/www.zeichnungsverlag.ch\/wp-content\/uploads\/2019\/05\/0000_Urnen-Steg-768x768.jpg 768w, https:\/\/www.zeichnungsverlag.ch\/wp-content\/uploads\/2019\/05\/0000_Urnen-Steg-500x500.jpg 500w, https:\/\/www.zeichnungsverlag.ch\/wp-content\/uploads\/2019\/05\/0000_Urnen-Steg-600x600.jpg 600w\" sizes=\"auto, (max-width: 1024px) 100vw, 1024px\" \/><\/a><\/div><div class=\"w-vwrapper usg_vwrapper_1 align_center valign_middle\"><h2 class=\"w-post-elm post_title usg_post_title_1 has_text_color entry-title color_link_inherit\"><a href=\"https:\/\/www.zeichnungsverlag.ch\/fr\/la-passerelle\/\">La passerelle<\/a><\/h2><\/div>\t\t<\/div>\r\n\t\t\t<\/article>\r\n\t<article class=\"w-grid-item size_1x1 custom-link post-4288 post type-post status-publish format-standard has-post-thumbnail hentry category-urnes\" data-id=\"4288\">\r\n\t\t<div class=\"w-grid-item-h\">\r\n\t\t\t\t\t\t\t<a href=\"{&quot;url&quot;:&quot;&quot;,&quot;target&quot;:&quot;&quot;}\" aria-label=\"Dent-de-lion\"><\/a>\r\n\t\t\t\t\t\t<div class=\"w-post-elm post_image usg_post_image_1 stretched\"><a href=\"https:\/\/www.zeichnungsverlag.ch\/fr\/dent-de-lion\/\" aria-label=\"Dent-de-lion\"><img loading=\"lazy\" decoding=\"async\" width=\"600\" height=\"600\" src=\"https:\/\/www.zeichnungsverlag.ch\/wp-content\/uploads\/2019\/04\/3090_Urnen-Pusteblume.jpg\" class=\"attachment-large size-large wp-post-image\" alt=\"\" srcset=\"https:\/\/www.zeichnungsverlag.ch\/wp-content\/uploads\/2019\/04\/3090_Urnen-Pusteblume.jpg 600w, https:\/\/www.zeichnungsverlag.ch\/wp-content\/uploads\/2019\/04\/3090_Urnen-Pusteblume-150x150.jpg 150w, https:\/\/www.zeichnungsverlag.ch\/wp-content\/uploads\/2019\/04\/3090_Urnen-Pusteblume-300x300.jpg 300w, https:\/\/www.zeichnungsverlag.ch\/wp-content\/uploads\/2019\/04\/3090_Urnen-Pusteblume-500x500.jpg 500w\" sizes=\"auto, (max-width: 600px) 100vw, 600px\" \/><\/a><\/div><div class=\"w-vwrapper usg_vwrapper_1 align_center valign_middle\"><h2 class=\"w-post-elm post_title usg_post_title_1 has_text_color entry-title color_link_inherit\"><a href=\"https:\/\/www.zeichnungsverlag.ch\/fr\/dent-de-lion\/\">Dent-de-lion<\/a><\/h2><\/div>\t\t<\/div>\r\n\t\t\t<\/article>\r\n\t<article class=\"w-grid-item size_1x1 custom-link post-4318 post type-post status-publish format-standard has-post-thumbnail hentry category-urnes\" data-id=\"4318\">\r\n\t\t<div class=\"w-grid-item-h\">\r\n\t\t\t\t\t\t\t<a href=\"{&quot;url&quot;:&quot;&quot;,&quot;target&quot;:&quot;&quot;}\" aria-label=\"Pin de montagne\"><\/a>\r\n\t\t\t\t\t\t<div class=\"w-post-elm post_image usg_post_image_1 stretched\"><a href=\"https:\/\/www.zeichnungsverlag.ch\/fr\/pin-de-montagne\/\" aria-label=\"Pin de montagne\"><img loading=\"lazy\" decoding=\"async\" width=\"600\" height=\"600\" src=\"https:\/\/www.zeichnungsverlag.ch\/wp-content\/uploads\/2019\/04\/3080_Urnen-Arve.jpg\" class=\"attachment-large size-large wp-post-image\" alt=\"\" srcset=\"https:\/\/www.zeichnungsverlag.ch\/wp-content\/uploads\/2019\/04\/3080_Urnen-Arve.jpg 600w, https:\/\/www.zeichnungsverlag.ch\/wp-content\/uploads\/2019\/04\/3080_Urnen-Arve-150x150.jpg 150w, https:\/\/www.zeichnungsverlag.ch\/wp-content\/uploads\/2019\/04\/3080_Urnen-Arve-300x300.jpg 300w, https:\/\/www.zeichnungsverlag.ch\/wp-content\/uploads\/2019\/04\/3080_Urnen-Arve-500x500.jpg 500w\" sizes=\"auto, (max-width: 600px) 100vw, 600px\" \/><\/a><\/div><div class=\"w-vwrapper usg_vwrapper_1 align_center valign_middle\"><h2 class=\"w-post-elm post_title usg_post_title_1 has_text_color entry-title color_link_inherit\"><a href=\"https:\/\/www.zeichnungsverlag.ch\/fr\/pin-de-montagne\/\">Pin de montagne<\/a><\/h2><\/div>\t\t<\/div>\r\n\t\t\t<\/article>\r\n\t<article class=\"w-grid-item size_1x1 custom-link post-4338 post type-post status-publish format-standard has-post-thumbnail hentry category-top-produits category-urnes\" data-id=\"4338\">\r\n\t\t<div class=\"w-grid-item-h\">\r\n\t\t\t\t\t\t\t<a href=\"{&quot;url&quot;:&quot;&quot;,&quot;target&quot;:&quot;&quot;}\" aria-label=\"Ros\u00e9e et coquelicot\"><\/a>\r\n\t\t\t\t\t\t<div class=\"w-post-elm post_image usg_post_image_1 stretched\"><a href=\"https:\/\/www.zeichnungsverlag.ch\/fr\/rosee-et-coquelicot\/\" aria-label=\"Ros\u00e9e et coquelicot\"><img loading=\"lazy\" decoding=\"async\" width=\"600\" height=\"600\" src=\"https:\/\/www.zeichnungsverlag.ch\/wp-content\/uploads\/2019\/04\/3070_Urnen-Wiesenblume.jpg\" class=\"attachment-large size-large wp-post-image\" alt=\"\" srcset=\"https:\/\/www.zeichnungsverlag.ch\/wp-content\/uploads\/2019\/04\/3070_Urnen-Wiesenblume.jpg 600w, https:\/\/www.zeichnungsverlag.ch\/wp-content\/uploads\/2019\/04\/3070_Urnen-Wiesenblume-150x150.jpg 150w, https:\/\/www.zeichnungsverlag.ch\/wp-content\/uploads\/2019\/04\/3070_Urnen-Wiesenblume-300x300.jpg 300w, https:\/\/www.zeichnungsverlag.ch\/wp-content\/uploads\/2019\/04\/3070_Urnen-Wiesenblume-500x500.jpg 500w\" sizes=\"auto, (max-width: 600px) 100vw, 600px\" \/><\/a><\/div><div class=\"w-vwrapper usg_vwrapper_1 align_center valign_middle\"><h2 class=\"w-post-elm post_title usg_post_title_1 has_text_color entry-title color_link_inherit\"><a href=\"https:\/\/www.zeichnungsverlag.ch\/fr\/rosee-et-coquelicot\/\">Ros\u00e9e et coquelicot<\/a><\/h2><\/div>\t\t<\/div>\r\n\t\t\t<\/article>\r\n\t<article class=\"w-grid-item size_1x1 custom-link post-4344 post type-post status-publish format-standard has-post-thumbnail hentry category-urnes\" data-id=\"4344\">\r\n\t\t<div class=\"w-grid-item-h\">\r\n\t\t\t\t\t\t\t<a href=\"{&quot;url&quot;:&quot;&quot;,&quot;target&quot;:&quot;&quot;}\" aria-label=\"La colombe\"><\/a>\r\n\t\t\t\t\t\t<div class=\"w-post-elm post_image usg_post_image_1 stretched\"><a href=\"https:\/\/www.zeichnungsverlag.ch\/fr\/la-colombe\/\" aria-label=\"La colombe\"><img loading=\"lazy\" decoding=\"async\" width=\"600\" height=\"600\" src=\"https:\/\/www.zeichnungsverlag.ch\/wp-content\/uploads\/2019\/03\/3060_Urnen-Taube.jpg\" class=\"attachment-large size-large wp-post-image\" alt=\"\" srcset=\"https:\/\/www.zeichnungsverlag.ch\/wp-content\/uploads\/2019\/03\/3060_Urnen-Taube.jpg 600w, https:\/\/www.zeichnungsverlag.ch\/wp-content\/uploads\/2019\/03\/3060_Urnen-Taube-150x150.jpg 150w, https:\/\/www.zeichnungsverlag.ch\/wp-content\/uploads\/2019\/03\/3060_Urnen-Taube-300x300.jpg 300w, https:\/\/www.zeichnungsverlag.ch\/wp-content\/uploads\/2019\/03\/3060_Urnen-Taube-500x500.jpg 500w\" sizes=\"auto, (max-width: 600px) 100vw, 600px\" \/><\/a><\/div><div class=\"w-vwrapper usg_vwrapper_1 align_center valign_middle\"><h2 class=\"w-post-elm post_title usg_post_title_1 has_text_color entry-title color_link_inherit\"><a href=\"https:\/\/www.zeichnungsverlag.ch\/fr\/la-colombe\/\">La colombe<\/a><\/h2><\/div>\t\t<\/div>\r\n\t\t\t<\/article>\r\n\t<article class=\"w-grid-item size_1x1 custom-link post-4358 post type-post status-publish format-standard has-post-thumbnail hentry category-urnes\" data-id=\"4358\">\r\n\t\t<div class=\"w-grid-item-h\">\r\n\t\t\t\t\t\t\t<a href=\"{&quot;url&quot;:&quot;&quot;,&quot;target&quot;:&quot;&quot;}\" aria-label=\"Feuilles d&rsquo;automne\"><\/a>\r\n\t\t\t\t\t\t<div class=\"w-post-elm post_image usg_post_image_1 stretched\"><a href=\"https:\/\/www.zeichnungsverlag.ch\/fr\/lautomne\/\" aria-label=\"Feuilles d&rsquo;automne\"><img loading=\"lazy\" decoding=\"async\" width=\"600\" height=\"600\" src=\"https:\/\/www.zeichnungsverlag.ch\/wp-content\/uploads\/2019\/03\/3050_Urnen-Herbstlaub.jpg\" class=\"attachment-large size-large wp-post-image\" alt=\"\" srcset=\"https:\/\/www.zeichnungsverlag.ch\/wp-content\/uploads\/2019\/03\/3050_Urnen-Herbstlaub.jpg 600w, https:\/\/www.zeichnungsverlag.ch\/wp-content\/uploads\/2019\/03\/3050_Urnen-Herbstlaub-150x150.jpg 150w, https:\/\/www.zeichnungsverlag.ch\/wp-content\/uploads\/2019\/03\/3050_Urnen-Herbstlaub-300x300.jpg 300w, https:\/\/www.zeichnungsverlag.ch\/wp-content\/uploads\/2019\/03\/3050_Urnen-Herbstlaub-500x500.jpg 500w\" sizes=\"auto, (max-width: 600px) 100vw, 600px\" \/><\/a><\/div><div class=\"w-vwrapper usg_vwrapper_1 align_center valign_middle\"><h2 class=\"w-post-elm post_title usg_post_title_1 has_text_color entry-title color_link_inherit\"><a href=\"https:\/\/www.zeichnungsverlag.ch\/fr\/lautomne\/\">Feuilles d&rsquo;automne<\/a><\/h2><\/div>\t\t<\/div>\r\n\t\t\t<\/article>\r\n\t<article class=\"w-grid-item size_1x1 custom-link post-4370 post type-post status-publish format-standard has-post-thumbnail hentry category-urnes\" data-id=\"4370\">\r\n\t\t<div class=\"w-grid-item-h\">\r\n\t\t\t\t\t\t\t<a href=\"{&quot;url&quot;:&quot;&quot;,&quot;target&quot;:&quot;&quot;}\" aria-label=\"L&rsquo;hiver\"><\/a>\r\n\t\t\t\t\t\t<div class=\"w-post-elm post_image usg_post_image_1 stretched\"><a href=\"https:\/\/www.zeichnungsverlag.ch\/fr\/lhiver\/\" aria-label=\"L&rsquo;hiver\"><img loading=\"lazy\" decoding=\"async\" width=\"600\" height=\"600\" src=\"https:\/\/www.zeichnungsverlag.ch\/wp-content\/uploads\/2019\/03\/3040_Urnen-Winter.jpg\" class=\"attachment-large size-large wp-post-image\" alt=\"\" srcset=\"https:\/\/www.zeichnungsverlag.ch\/wp-content\/uploads\/2019\/03\/3040_Urnen-Winter.jpg 600w, https:\/\/www.zeichnungsverlag.ch\/wp-content\/uploads\/2019\/03\/3040_Urnen-Winter-150x150.jpg 150w, https:\/\/www.zeichnungsverlag.ch\/wp-content\/uploads\/2019\/03\/3040_Urnen-Winter-300x300.jpg 300w, https:\/\/www.zeichnungsverlag.ch\/wp-content\/uploads\/2019\/03\/3040_Urnen-Winter-500x500.jpg 500w\" sizes=\"auto, (max-width: 600px) 100vw, 600px\" \/><\/a><\/div><div class=\"w-vwrapper usg_vwrapper_1 align_center valign_middle\"><h2 class=\"w-post-elm post_title usg_post_title_1 has_text_color entry-title color_link_inherit\"><a href=\"https:\/\/www.zeichnungsverlag.ch\/fr\/lhiver\/\">L&rsquo;hiver<\/a><\/h2><\/div>\t\t<\/div>\r\n\t\t\t<\/article>\r\n\t<article class=\"w-grid-item size_1x1 custom-link post-4384 post type-post status-publish format-standard has-post-thumbnail hentry category-urnes\" data-id=\"4384\">\r\n\t\t<div class=\"w-grid-item-h\">\r\n\t\t\t\t\t\t\t<a href=\"{&quot;url&quot;:&quot;&quot;,&quot;target&quot;:&quot;&quot;}\" aria-label=\"L&rsquo;\u00e9t\u00e9 indien\"><\/a>\r\n\t\t\t\t\t\t<div class=\"w-post-elm post_image usg_post_image_1 stretched\"><a href=\"https:\/\/www.zeichnungsverlag.ch\/fr\/lete-indien\/\" aria-label=\"L&rsquo;\u00e9t\u00e9 indien\"><img loading=\"lazy\" decoding=\"async\" width=\"600\" height=\"600\" src=\"https:\/\/www.zeichnungsverlag.ch\/wp-content\/uploads\/2019\/03\/3020_Urnen-Spaetsommer.jpg\" class=\"attachment-large size-large wp-post-image\" alt=\"\" srcset=\"https:\/\/www.zeichnungsverlag.ch\/wp-content\/uploads\/2019\/03\/3020_Urnen-Spaetsommer.jpg 600w, https:\/\/www.zeichnungsverlag.ch\/wp-content\/uploads\/2019\/03\/3020_Urnen-Spaetsommer-150x150.jpg 150w, https:\/\/www.zeichnungsverlag.ch\/wp-content\/uploads\/2019\/03\/3020_Urnen-Spaetsommer-300x300.jpg 300w, https:\/\/www.zeichnungsverlag.ch\/wp-content\/uploads\/2019\/03\/3020_Urnen-Spaetsommer-500x500.jpg 500w\" sizes=\"auto, (max-width: 600px) 100vw, 600px\" \/><\/a><\/div><div class=\"w-vwrapper usg_vwrapper_1 align_center valign_middle\"><h2 class=\"w-post-elm post_title usg_post_title_1 has_text_color entry-title color_link_inherit\"><a href=\"https:\/\/www.zeichnungsverlag.ch\/fr\/lete-indien\/\">L&rsquo;\u00e9t\u00e9 indien<\/a><\/h2><\/div>\t\t<\/div>\r\n\t\t\t<\/article>\r\n\t<article class=\"w-grid-item size_1x1 custom-link post-4404 post type-post status-publish format-standard has-post-thumbnail hentry category-urnes\" data-id=\"4404\">\r\n\t\t<div class=\"w-grid-item-h\">\r\n\t\t\t\t\t\t\t<a href=\"{&quot;url&quot;:&quot;&quot;,&quot;target&quot;:&quot;&quot;}\" aria-label=\"Lumi\u00e8re du soir\"><\/a>\r\n\t\t\t\t\t\t<div class=\"w-post-elm post_image usg_post_image_1 stretched\"><a href=\"https:\/\/www.zeichnungsverlag.ch\/fr\/lumiere-du-soir\/\" aria-label=\"Lumi\u00e8re du soir\"><img loading=\"lazy\" decoding=\"async\" width=\"600\" height=\"600\" src=\"https:\/\/www.zeichnungsverlag.ch\/wp-content\/uploads\/2019\/03\/3010_Urnen-Abendlicht.jpg\" class=\"attachment-large size-large wp-post-image\" alt=\"\" srcset=\"https:\/\/www.zeichnungsverlag.ch\/wp-content\/uploads\/2019\/03\/3010_Urnen-Abendlicht.jpg 600w, https:\/\/www.zeichnungsverlag.ch\/wp-content\/uploads\/2019\/03\/3010_Urnen-Abendlicht-150x150.jpg 150w, https:\/\/www.zeichnungsverlag.ch\/wp-content\/uploads\/2019\/03\/3010_Urnen-Abendlicht-300x300.jpg 300w, https:\/\/www.zeichnungsverlag.ch\/wp-content\/uploads\/2019\/03\/3010_Urnen-Abendlicht-500x500.jpg 500w\" sizes=\"auto, (max-width: 600px) 100vw, 600px\" \/><\/a><\/div><div class=\"w-vwrapper usg_vwrapper_1 align_center valign_middle\"><h2 class=\"w-post-elm post_title usg_post_title_1 has_text_color entry-title color_link_inherit\"><a href=\"https:\/\/www.zeichnungsverlag.ch\/fr\/lumiere-du-soir\/\">Lumi\u00e8re du soir<\/a><\/h2><\/div>\t\t<\/div>\r\n\t\t\t<\/article>\r\n\t<article class=\"w-grid-item size_1x1 custom-link post-4416 post type-post status-publish format-standard has-post-thumbnail hentry category-top-produits category-urnes\" data-id=\"4416\">\r\n\t\t<div class=\"w-grid-item-h\">\r\n\t\t\t\t\t\t\t<a href=\"{&quot;url&quot;:&quot;&quot;,&quot;target&quot;:&quot;&quot;}\" aria-label=\"Rose flottante\"><\/a>\r\n\t\t\t\t\t\t<div class=\"w-post-elm post_image usg_post_image_1 stretched\"><a href=\"https:\/\/www.zeichnungsverlag.ch\/fr\/rose-flottante\/\" aria-label=\"Rose flottante\"><img loading=\"lazy\" decoding=\"async\" width=\"600\" height=\"600\" src=\"https:\/\/www.zeichnungsverlag.ch\/wp-content\/uploads\/2019\/03\/2090_Urnen-schwimmende-Rose.jpg\" class=\"attachment-large size-large wp-post-image\" alt=\"\" srcset=\"https:\/\/www.zeichnungsverlag.ch\/wp-content\/uploads\/2019\/03\/2090_Urnen-schwimmende-Rose.jpg 600w, https:\/\/www.zeichnungsverlag.ch\/wp-content\/uploads\/2019\/03\/2090_Urnen-schwimmende-Rose-150x150.jpg 150w, https:\/\/www.zeichnungsverlag.ch\/wp-content\/uploads\/2019\/03\/2090_Urnen-schwimmende-Rose-300x300.jpg 300w, https:\/\/www.zeichnungsverlag.ch\/wp-content\/uploads\/2019\/03\/2090_Urnen-schwimmende-Rose-500x500.jpg 500w\" sizes=\"auto, (max-width: 600px) 100vw, 600px\" \/><\/a><\/div><div class=\"w-vwrapper usg_vwrapper_1 align_center valign_middle\"><h2 class=\"w-post-elm post_title usg_post_title_1 has_text_color entry-title color_link_inherit\"><a href=\"https:\/\/www.zeichnungsverlag.ch\/fr\/rose-flottante\/\">Rose flottante<\/a><\/h2><\/div>\t\t<\/div>\r\n\t\t\t<\/article>\r\n\t<article class=\"w-grid-item size_1x1 custom-link post-4428 post type-post status-publish format-standard has-post-thumbnail hentry category-top-produits category-urnes\" data-id=\"4428\">\r\n\t\t<div class=\"w-grid-item-h\">\r\n\t\t\t\t\t\t\t<a href=\"{&quot;url&quot;:&quot;&quot;,&quot;target&quot;:&quot;&quot;}\" aria-label=\"Nuages\"><\/a>\r\n\t\t\t\t\t\t<div class=\"w-post-elm post_image usg_post_image_1 stretched\"><a href=\"https:\/\/www.zeichnungsverlag.ch\/fr\/nuages\/\" aria-label=\"Nuages\"><img loading=\"lazy\" decoding=\"async\" width=\"600\" height=\"600\" src=\"https:\/\/www.zeichnungsverlag.ch\/wp-content\/uploads\/2019\/03\/2080_Urnen-Wolken.jpg\" class=\"attachment-large size-large wp-post-image\" alt=\"\" srcset=\"https:\/\/www.zeichnungsverlag.ch\/wp-content\/uploads\/2019\/03\/2080_Urnen-Wolken.jpg 600w, https:\/\/www.zeichnungsverlag.ch\/wp-content\/uploads\/2019\/03\/2080_Urnen-Wolken-150x150.jpg 150w, https:\/\/www.zeichnungsverlag.ch\/wp-content\/uploads\/2019\/03\/2080_Urnen-Wolken-300x300.jpg 300w, https:\/\/www.zeichnungsverlag.ch\/wp-content\/uploads\/2019\/03\/2080_Urnen-Wolken-500x500.jpg 500w\" sizes=\"auto, (max-width: 600px) 100vw, 600px\" \/><\/a><\/div><div class=\"w-vwrapper usg_vwrapper_1 align_center valign_middle\"><h2 class=\"w-post-elm post_title usg_post_title_1 has_text_color entry-title color_link_inherit\"><a href=\"https:\/\/www.zeichnungsverlag.ch\/fr\/nuages\/\">Nuages<\/a><\/h2><\/div>\t\t<\/div>\r\n\t\t\t<\/article>\r\n\t<article class=\"w-grid-item size_1x1 custom-link post-4440 post type-post status-publish format-standard has-post-thumbnail hentry category-urnes\" data-id=\"4440\">\r\n\t\t<div class=\"w-grid-item-h\">\r\n\t\t\t\t\t\t\t<a href=\"{&quot;url&quot;:&quot;&quot;,&quot;target&quot;:&quot;&quot;}\" aria-label=\"Champ de bl\u00e9\"><\/a>\r\n\t\t\t\t\t\t<div class=\"w-post-elm post_image usg_post_image_1 stretched\"><a href=\"https:\/\/www.zeichnungsverlag.ch\/fr\/champ-de-ble\/\" aria-label=\"Champ de bl\u00e9\"><img loading=\"lazy\" decoding=\"async\" width=\"600\" height=\"600\" src=\"https:\/\/www.zeichnungsverlag.ch\/wp-content\/uploads\/2019\/03\/2070_Urnen-Kornfeld.jpg\" class=\"attachment-large size-large wp-post-image\" alt=\"\" srcset=\"https:\/\/www.zeichnungsverlag.ch\/wp-content\/uploads\/2019\/03\/2070_Urnen-Kornfeld.jpg 600w, https:\/\/www.zeichnungsverlag.ch\/wp-content\/uploads\/2019\/03\/2070_Urnen-Kornfeld-150x150.jpg 150w, https:\/\/www.zeichnungsverlag.ch\/wp-content\/uploads\/2019\/03\/2070_Urnen-Kornfeld-300x300.jpg 300w, https:\/\/www.zeichnungsverlag.ch\/wp-content\/uploads\/2019\/03\/2070_Urnen-Kornfeld-500x500.jpg 500w\" sizes=\"auto, (max-width: 600px) 100vw, 600px\" \/><\/a><\/div><div class=\"w-vwrapper usg_vwrapper_1 align_center valign_middle\"><h2 class=\"w-post-elm post_title usg_post_title_1 has_text_color entry-title color_link_inherit\"><a href=\"https:\/\/www.zeichnungsverlag.ch\/fr\/champ-de-ble\/\">Champ de bl\u00e9<\/a><\/h2><\/div>\t\t<\/div>\r\n\t\t\t<\/article>\r\n\t<article class=\"w-grid-item size_1x1 custom-link post-4452 post type-post status-publish format-standard has-post-thumbnail hentry category-urnes\" data-id=\"4452\">\r\n\t\t<div class=\"w-grid-item-h\">\r\n\t\t\t\t\t\t\t<a href=\"{&quot;url&quot;:&quot;&quot;,&quot;target&quot;:&quot;&quot;}\" aria-label=\"L&rsquo;arbre\"><\/a>\r\n\t\t\t\t\t\t<div class=\"w-post-elm post_image usg_post_image_1 stretched\"><a href=\"https:\/\/www.zeichnungsverlag.ch\/fr\/larbre\/\" aria-label=\"L&rsquo;arbre\"><img loading=\"lazy\" decoding=\"async\" width=\"600\" height=\"600\" src=\"https:\/\/www.zeichnungsverlag.ch\/wp-content\/uploads\/2019\/03\/2060_Urnen-Baum.jpg\" class=\"attachment-large size-large wp-post-image\" alt=\"\" srcset=\"https:\/\/www.zeichnungsverlag.ch\/wp-content\/uploads\/2019\/03\/2060_Urnen-Baum.jpg 600w, https:\/\/www.zeichnungsverlag.ch\/wp-content\/uploads\/2019\/03\/2060_Urnen-Baum-150x150.jpg 150w, https:\/\/www.zeichnungsverlag.ch\/wp-content\/uploads\/2019\/03\/2060_Urnen-Baum-300x300.jpg 300w, https:\/\/www.zeichnungsverlag.ch\/wp-content\/uploads\/2019\/03\/2060_Urnen-Baum-500x500.jpg 500w\" sizes=\"auto, (max-width: 600px) 100vw, 600px\" \/><\/a><\/div><div class=\"w-vwrapper usg_vwrapper_1 align_center valign_middle\"><h2 class=\"w-post-elm post_title usg_post_title_1 has_text_color entry-title color_link_inherit\"><a href=\"https:\/\/www.zeichnungsverlag.ch\/fr\/larbre\/\">L&rsquo;arbre<\/a><\/h2><\/div>\t\t<\/div>\r\n\t\t\t<\/article>\r\n\t<article class=\"w-grid-item size_1x1 custom-link post-4464 post type-post status-publish format-standard has-post-thumbnail hentry category-top-produits category-urnes\" data-id=\"4464\">\r\n\t\t<div class=\"w-grid-item-h\">\r\n\t\t\t\t\t\t\t<a href=\"{&quot;url&quot;:&quot;&quot;,&quot;target&quot;:&quot;&quot;}\" aria-label=\"Montagne\"><\/a>\r\n\t\t\t\t\t\t<div class=\"w-post-elm post_image usg_post_image_1 stretched\"><a href=\"https:\/\/www.zeichnungsverlag.ch\/fr\/montagne\/\" aria-label=\"Montagne\"><img loading=\"lazy\" decoding=\"async\" width=\"600\" height=\"600\" src=\"https:\/\/www.zeichnungsverlag.ch\/wp-content\/uploads\/2019\/03\/2040_Urnen-Berg.jpg\" class=\"attachment-large size-large wp-post-image\" alt=\"\" srcset=\"https:\/\/www.zeichnungsverlag.ch\/wp-content\/uploads\/2019\/03\/2040_Urnen-Berg.jpg 600w, https:\/\/www.zeichnungsverlag.ch\/wp-content\/uploads\/2019\/03\/2040_Urnen-Berg-150x150.jpg 150w, https:\/\/www.zeichnungsverlag.ch\/wp-content\/uploads\/2019\/03\/2040_Urnen-Berg-300x300.jpg 300w, https:\/\/www.zeichnungsverlag.ch\/wp-content\/uploads\/2019\/03\/2040_Urnen-Berg-500x500.jpg 500w\" sizes=\"auto, (max-width: 600px) 100vw, 600px\" \/><\/a><\/div><div class=\"w-vwrapper usg_vwrapper_1 align_center valign_middle\"><h2 class=\"w-post-elm post_title usg_post_title_1 has_text_color entry-title color_link_inherit\"><a href=\"https:\/\/www.zeichnungsverlag.ch\/fr\/montagne\/\">Montagne<\/a><\/h2><\/div>\t\t<\/div>\r\n\t\t\t<\/article>\r\n\t<article class=\"w-grid-item size_1x1 custom-link post-4476 post type-post status-publish format-standard has-post-thumbnail hentry category-urnes\" data-id=\"4476\">\r\n\t\t<div class=\"w-grid-item-h\">\r\n\t\t\t\t\t\t\t<a href=\"{&quot;url&quot;:&quot;&quot;,&quot;target&quot;:&quot;&quot;}\" aria-label=\"L&rsquo;eau\"><\/a>\r\n\t\t\t\t\t\t<div class=\"w-post-elm post_image usg_post_image_1 stretched\"><a href=\"https:\/\/www.zeichnungsverlag.ch\/fr\/leau\/\" aria-label=\"L&rsquo;eau\"><img loading=\"lazy\" decoding=\"async\" width=\"600\" height=\"600\" src=\"https:\/\/www.zeichnungsverlag.ch\/wp-content\/uploads\/2019\/03\/2010_Urnen-Wasser.jpg\" class=\"attachment-large size-large wp-post-image\" alt=\"\" srcset=\"https:\/\/www.zeichnungsverlag.ch\/wp-content\/uploads\/2019\/03\/2010_Urnen-Wasser.jpg 600w, https:\/\/www.zeichnungsverlag.ch\/wp-content\/uploads\/2019\/03\/2010_Urnen-Wasser-150x150.jpg 150w, https:\/\/www.zeichnungsverlag.ch\/wp-content\/uploads\/2019\/03\/2010_Urnen-Wasser-300x300.jpg 300w, https:\/\/www.zeichnungsverlag.ch\/wp-content\/uploads\/2019\/03\/2010_Urnen-Wasser-500x500.jpg 500w\" sizes=\"auto, (max-width: 600px) 100vw, 600px\" \/><\/a><\/div><div class=\"w-vwrapper usg_vwrapper_1 align_center valign_middle\"><h2 class=\"w-post-elm post_title usg_post_title_1 has_text_color entry-title color_link_inherit\"><a href=\"https:\/\/www.zeichnungsverlag.ch\/fr\/leau\/\">L&rsquo;eau<\/a><\/h2><\/div>\t\t<\/div>\r\n\t\t\t<\/article>\r\n\t<article class=\"w-grid-item size_1x1 custom-link post-4488 post type-post status-publish format-standard has-post-thumbnail hentry category-top-produits category-urnes\" data-id=\"4488\">\r\n\t\t<div class=\"w-grid-item-h\">\r\n\t\t\t\t\t\t\t<a href=\"{&quot;url&quot;:&quot;&quot;,&quot;target&quot;:&quot;&quot;}\" aria-label=\"For\u00eat\"><\/a>\r\n\t\t\t\t\t\t<div class=\"w-post-elm post_image usg_post_image_1 stretched\"><a href=\"https:\/\/www.zeichnungsverlag.ch\/fr\/foret\/\" aria-label=\"For\u00eat\"><img loading=\"lazy\" decoding=\"async\" width=\"600\" height=\"600\" src=\"https:\/\/www.zeichnungsverlag.ch\/wp-content\/uploads\/2019\/03\/1090_Urnen-Wald.jpg\" class=\"attachment-large size-large wp-post-image\" alt=\"\" srcset=\"https:\/\/www.zeichnungsverlag.ch\/wp-content\/uploads\/2019\/03\/1090_Urnen-Wald.jpg 600w, https:\/\/www.zeichnungsverlag.ch\/wp-content\/uploads\/2019\/03\/1090_Urnen-Wald-150x150.jpg 150w, https:\/\/www.zeichnungsverlag.ch\/wp-content\/uploads\/2019\/03\/1090_Urnen-Wald-300x300.jpg 300w, https:\/\/www.zeichnungsverlag.ch\/wp-content\/uploads\/2019\/03\/1090_Urnen-Wald-500x500.jpg 500w\" sizes=\"auto, (max-width: 600px) 100vw, 600px\" \/><\/a><\/div><div class=\"w-vwrapper usg_vwrapper_1 align_center valign_middle\"><h2 class=\"w-post-elm post_title usg_post_title_1 has_text_color entry-title color_link_inherit\"><a href=\"https:\/\/www.zeichnungsverlag.ch\/fr\/foret\/\">For\u00eat<\/a><\/h2><\/div>\t\t<\/div>\r\n\t\t\t<\/article>\r\n\t<article class=\"w-grid-item size_1x1 custom-link post-4500 post type-post status-publish format-standard has-post-thumbnail hentry category-urnes\" data-id=\"4500\">\r\n\t\t<div class=\"w-grid-item-h\">\r\n\t\t\t\t\t\t\t<a href=\"{&quot;url&quot;:&quot;&quot;,&quot;target&quot;:&quot;&quot;}\" aria-label=\"Rose avec croix\"><\/a>\r\n\t\t\t\t\t\t<div class=\"w-post-elm post_image usg_post_image_1 stretched\"><a href=\"https:\/\/www.zeichnungsverlag.ch\/fr\/rose-avec-croix\/\" aria-label=\"Rose avec croix\"><img loading=\"lazy\" decoding=\"async\" width=\"600\" height=\"600\" src=\"https:\/\/www.zeichnungsverlag.ch\/wp-content\/uploads\/2019\/03\/1080_Urnen-Rose-farbig.jpg\" class=\"attachment-large size-large wp-post-image\" alt=\"\" srcset=\"https:\/\/www.zeichnungsverlag.ch\/wp-content\/uploads\/2019\/03\/1080_Urnen-Rose-farbig.jpg 600w, https:\/\/www.zeichnungsverlag.ch\/wp-content\/uploads\/2019\/03\/1080_Urnen-Rose-farbig-150x150.jpg 150w, https:\/\/www.zeichnungsverlag.ch\/wp-content\/uploads\/2019\/03\/1080_Urnen-Rose-farbig-300x300.jpg 300w, https:\/\/www.zeichnungsverlag.ch\/wp-content\/uploads\/2019\/03\/1080_Urnen-Rose-farbig-500x500.jpg 500w\" sizes=\"auto, (max-width: 600px) 100vw, 600px\" \/><\/a><\/div><div class=\"w-vwrapper usg_vwrapper_1 align_center valign_middle\"><h2 class=\"w-post-elm post_title usg_post_title_1 has_text_color entry-title color_link_inherit\"><a href=\"https:\/\/www.zeichnungsverlag.ch\/fr\/rose-avec-croix\/\">Rose avec croix<\/a><\/h2><\/div>\t\t<\/div>\r\n\t\t\t<\/article>\r\n\t<article class=\"w-grid-item size_1x1 custom-link post-4528 post type-post status-publish format-standard has-post-thumbnail hentry category-urnes\" data-id=\"4528\">\r\n\t\t<div class=\"w-grid-item-h\">\r\n\t\t\t\t\t\t\t<a href=\"{&quot;url&quot;:&quot;&quot;,&quot;target&quot;:&quot;&quot;}\" aria-label=\"Le lis\"><\/a>\r\n\t\t\t\t\t\t<div class=\"w-post-elm post_image usg_post_image_1 stretched\"><a href=\"https:\/\/www.zeichnungsverlag.ch\/fr\/le-lis\/\" aria-label=\"Le lis\"><img loading=\"lazy\" decoding=\"async\" width=\"600\" height=\"600\" src=\"https:\/\/www.zeichnungsverlag.ch\/wp-content\/uploads\/2019\/03\/1070_Urnen-Lilie.jpg\" class=\"attachment-large size-large wp-post-image\" alt=\"\" srcset=\"https:\/\/www.zeichnungsverlag.ch\/wp-content\/uploads\/2019\/03\/1070_Urnen-Lilie.jpg 600w, https:\/\/www.zeichnungsverlag.ch\/wp-content\/uploads\/2019\/03\/1070_Urnen-Lilie-150x150.jpg 150w, https:\/\/www.zeichnungsverlag.ch\/wp-content\/uploads\/2019\/03\/1070_Urnen-Lilie-300x300.jpg 300w, https:\/\/www.zeichnungsverlag.ch\/wp-content\/uploads\/2019\/03\/1070_Urnen-Lilie-500x500.jpg 500w\" sizes=\"auto, (max-width: 600px) 100vw, 600px\" \/><\/a><\/div><div class=\"w-vwrapper usg_vwrapper_1 align_center valign_middle\"><h2 class=\"w-post-elm post_title usg_post_title_1 has_text_color entry-title color_link_inherit\"><a href=\"https:\/\/www.zeichnungsverlag.ch\/fr\/le-lis\/\">Le lis<\/a><\/h2><\/div>\t\t<\/div>\r\n\t\t\t<\/article>\r\n\t<article class=\"w-grid-item size_1x1 custom-link post-4540 post type-post status-publish format-standard has-post-thumbnail hentry category-urnes\" data-id=\"4540\">\r\n\t\t<div class=\"w-grid-item-h\">\r\n\t\t\t\t\t\t\t<a href=\"{&quot;url&quot;:&quot;&quot;,&quot;target&quot;:&quot;&quot;}\" aria-label=\"La rose\"><\/a>\r\n\t\t\t\t\t\t<div class=\"w-post-elm post_image usg_post_image_1 stretched\"><a href=\"https:\/\/www.zeichnungsverlag.ch\/fr\/la-rose\/\" aria-label=\"La rose\"><img loading=\"lazy\" decoding=\"async\" width=\"600\" height=\"600\" src=\"https:\/\/www.zeichnungsverlag.ch\/wp-content\/uploads\/2019\/03\/1050_Urnen-Rose.jpg\" class=\"attachment-large size-large wp-post-image\" alt=\"\" srcset=\"https:\/\/www.zeichnungsverlag.ch\/wp-content\/uploads\/2019\/03\/1050_Urnen-Rose.jpg 600w, https:\/\/www.zeichnungsverlag.ch\/wp-content\/uploads\/2019\/03\/1050_Urnen-Rose-150x150.jpg 150w, https:\/\/www.zeichnungsverlag.ch\/wp-content\/uploads\/2019\/03\/1050_Urnen-Rose-300x300.jpg 300w, https:\/\/www.zeichnungsverlag.ch\/wp-content\/uploads\/2019\/03\/1050_Urnen-Rose-500x500.jpg 500w\" sizes=\"auto, (max-width: 600px) 100vw, 600px\" \/><\/a><\/div><div class=\"w-vwrapper usg_vwrapper_1 align_center valign_middle\"><h2 class=\"w-post-elm post_title usg_post_title_1 has_text_color entry-title color_link_inherit\"><a href=\"https:\/\/www.zeichnungsverlag.ch\/fr\/la-rose\/\">La rose<\/a><\/h2><\/div>\t\t<\/div>\r\n\t\t\t<\/article>\r\n\t<article class=\"w-grid-item size_1x1 custom-link post-4552 post type-post status-publish format-standard has-post-thumbnail hentry category-urnes\" data-id=\"4552\">\r\n\t\t<div class=\"w-grid-item-h\">\r\n\t\t\t\t\t\t\t<a href=\"{&quot;url&quot;:&quot;&quot;,&quot;target&quot;:&quot;&quot;}\" aria-label=\"Epis\"><\/a>\r\n\t\t\t\t\t\t<div class=\"w-post-elm post_image usg_post_image_1 stretched\"><a href=\"https:\/\/www.zeichnungsverlag.ch\/fr\/epis\/\" aria-label=\"Epis\"><img loading=\"lazy\" decoding=\"async\" width=\"600\" height=\"600\" src=\"https:\/\/www.zeichnungsverlag.ch\/wp-content\/uploads\/2019\/03\/1030_Urnen-Aehre.jpg\" class=\"attachment-large size-large wp-post-image\" alt=\"\" srcset=\"https:\/\/www.zeichnungsverlag.ch\/wp-content\/uploads\/2019\/03\/1030_Urnen-Aehre.jpg 600w, https:\/\/www.zeichnungsverlag.ch\/wp-content\/uploads\/2019\/03\/1030_Urnen-Aehre-150x150.jpg 150w, https:\/\/www.zeichnungsverlag.ch\/wp-content\/uploads\/2019\/03\/1030_Urnen-Aehre-300x300.jpg 300w, https:\/\/www.zeichnungsverlag.ch\/wp-content\/uploads\/2019\/03\/1030_Urnen-Aehre-500x500.jpg 500w\" sizes=\"auto, (max-width: 600px) 100vw, 600px\" \/><\/a><\/div><div class=\"w-vwrapper usg_vwrapper_1 align_center valign_middle\"><h2 class=\"w-post-elm post_title usg_post_title_1 has_text_color entry-title color_link_inherit\"><a href=\"https:\/\/www.zeichnungsverlag.ch\/fr\/epis\/\">Epis<\/a><\/h2><\/div>\t\t<\/div>\r\n\t\t\t<\/article>\r\n\t<article class=\"w-grid-item size_1x1 custom-link post-4564 post type-post status-publish format-standard has-post-thumbnail hentry category-urnes\" data-id=\"4564\">\r\n\t\t<div class=\"w-grid-item-h\">\r\n\t\t\t\t\t\t\t<a href=\"{&quot;url&quot;:&quot;&quot;,&quot;target&quot;:&quot;&quot;}\" aria-label=\"L&rsquo;herbe\"><\/a>\r\n\t\t\t\t\t\t<div class=\"w-post-elm post_image usg_post_image_1 stretched\"><a href=\"https:\/\/www.zeichnungsverlag.ch\/fr\/lherbe\/\" aria-label=\"L&rsquo;herbe\"><img loading=\"lazy\" decoding=\"async\" width=\"600\" height=\"600\" src=\"https:\/\/www.zeichnungsverlag.ch\/wp-content\/uploads\/2019\/03\/1020_Urnen-Gras.jpg\" class=\"attachment-large size-large wp-post-image\" alt=\"\" srcset=\"https:\/\/www.zeichnungsverlag.ch\/wp-content\/uploads\/2019\/03\/1020_Urnen-Gras.jpg 600w, https:\/\/www.zeichnungsverlag.ch\/wp-content\/uploads\/2019\/03\/1020_Urnen-Gras-150x150.jpg 150w, https:\/\/www.zeichnungsverlag.ch\/wp-content\/uploads\/2019\/03\/1020_Urnen-Gras-300x300.jpg 300w, https:\/\/www.zeichnungsverlag.ch\/wp-content\/uploads\/2019\/03\/1020_Urnen-Gras-500x500.jpg 500w\" sizes=\"auto, (max-width: 600px) 100vw, 600px\" \/><\/a><\/div><div class=\"w-vwrapper usg_vwrapper_1 align_center valign_middle\"><h2 class=\"w-post-elm post_title usg_post_title_1 has_text_color entry-title color_link_inherit\"><a href=\"https:\/\/www.zeichnungsverlag.ch\/fr\/lherbe\/\">L&rsquo;herbe<\/a><\/h2><\/div>\t\t<\/div>\r\n\t\t\t<\/article>\r\n\t<article class=\"w-grid-item size_1x1 custom-link post-4590 post type-post status-publish format-standard has-post-thumbnail hentry category-urnes\" data-id=\"4590\">\r\n\t\t<div class=\"w-grid-item-h\">\r\n\t\t\t\t\t\t\t<a href=\"{&quot;url&quot;:&quot;&quot;,&quot;target&quot;:&quot;&quot;}\" aria-label=\"Neutre\"><\/a>\r\n\t\t\t\t\t\t<div class=\"w-post-elm post_image usg_post_image_1 stretched\"><a href=\"https:\/\/www.zeichnungsverlag.ch\/fr\/neutre\/\" aria-label=\"Neutre\"><img loading=\"lazy\" decoding=\"async\" width=\"1024\" height=\"1024\" src=\"https:\/\/www.zeichnungsverlag.ch\/wp-content\/uploads\/2019\/05\/0000_Urnen-Neutral-1024x1024.jpg\" class=\"attachment-large size-large wp-post-image\" alt=\"\" srcset=\"https:\/\/www.zeichnungsverlag.ch\/wp-content\/uploads\/2019\/05\/0000_Urnen-Neutral-1024x1024.jpg 1024w, https:\/\/www.zeichnungsverlag.ch\/wp-content\/uploads\/2019\/05\/0000_Urnen-Neutral-150x150.jpg 150w, https:\/\/www.zeichnungsverlag.ch\/wp-content\/uploads\/2019\/05\/0000_Urnen-Neutral-300x300.jpg 300w, https:\/\/www.zeichnungsverlag.ch\/wp-content\/uploads\/2019\/05\/0000_Urnen-Neutral-768x768.jpg 768w, https:\/\/www.zeichnungsverlag.ch\/wp-content\/uploads\/2019\/05\/0000_Urnen-Neutral-500x500.jpg 500w, https:\/\/www.zeichnungsverlag.ch\/wp-content\/uploads\/2019\/05\/0000_Urnen-Neutral-600x600.jpg 600w\" sizes=\"auto, (max-width: 1024px) 100vw, 1024px\" \/><\/a><\/div><div class=\"w-vwrapper usg_vwrapper_1 align_center valign_middle\"><h2 class=\"w-post-elm post_title usg_post_title_1 has_text_color entry-title color_link_inherit\"><a href=\"https:\/\/www.zeichnungsverlag.ch\/fr\/neutre\/\">Neutre<\/a><\/h2><\/div>\t\t<\/div>\r\n\t\t\t<\/article>\r\n<\/div>\t<div class=\"w-grid-preloader\">\r\n\t\t<div class=\"g-preloader type_1\">\r\n\t\t\t<div><\/div>\r\n\t\t<\/div>\r\n\t<\/div>\r\n\t\t<div class=\"w-grid-json hidden\" onclick='return {&quot;action&quot;:&quot;us_ajax_grid&quot;,&quot;infinite_scroll&quot;:0,&quot;max_num_pages&quot;:1,&quot;pagination&quot;:&quot;none&quot;,&quot;template_vars&quot;:{&quot;columns&quot;:&quot;3&quot;,&quot;exclude_items&quot;:&quot;none&quot;,&quot;img_size&quot;:&quot;default&quot;,&quot;ignore_items_size&quot;:0,&quot;items_layout&quot;:&quot;4700&quot;,&quot;items_offset&quot;:&quot;1&quot;,&quot;load_animation&quot;:&quot;none&quot;,&quot;overriding_link&quot;:&quot;{\\&quot;url\\&quot;:\\&quot;\\&quot;}&quot;,&quot;post_id&quot;:0,&quot;query_args&quot;:{&quot;post_type&quot;:[&quot;post&quot;],&quot;tax_query&quot;:[{&quot;taxonomy&quot;:&quot;category&quot;,&quot;field&quot;:&quot;slug&quot;,&quot;terms&quot;:[&quot;urnes&quot;]}],&quot;post_status&quot;:[&quot;publish&quot;],&quot;posts_per_page&quot;:999},&quot;orderby_query_args&quot;:{&quot;orderby&quot;:{&quot;date&quot;:&quot;ASC&quot;}},&quot;type&quot;:&quot;grid&quot;,&quot;us_grid_post_type&quot;:&quot;post&quot;,&quot;us_grid_ajax_index&quot;:1,&quot;us_grid_filter_query_string&quot;:null,&quot;us_grid_index&quot;:1,&quot;page_args&quot;:[],&quot;lang&quot;:&quot;fr&quot;}}'><\/div>\r\n\t<\/div><\/div><\/div><\/div><\/div><\/div><\/section>\n","protected":false},"excerpt":{"rendered":"M\u00eame sans ruban d\u00e9coratif, nos urnes en mat\u00e9riau naturel dans les couleurs nacre (1000S) et nacre fum\u00e9 \/ anthracite (1000S) sont \u00e9l\u00e9gantes et peuvent aussi \u00eatre command\u00e9es chez nous. Caract\u00e9ristiques du produit Hauteur: 27,5 cm Diam\u00e8tre: 18,5 cm Volume: 4 litres Poids: 0,5 kg Mat\u00e9riel: substance naturelle 1000S1000WRetour","protected":false},"author":1,"featured_media":0,"parent":0,"menu_order":1000,"comment_status":"closed","ping_status":"closed","template":"","meta":{"footnotes":""},"class_list":["post-4226","page","type-page","status-publish","hentry"],"_links":{"self":[{"href":"https:\/\/www.zeichnungsverlag.ch\/fr\/wp-json\/wp\/v2\/pages\/4226","targetHints":{"allow":["GET"]}}],"collection":[{"href":"https:\/\/www.zeichnungsverlag.ch\/fr\/wp-json\/wp\/v2\/pages"}],"about":[{"href":"https:\/\/www.zeichnungsverlag.ch\/fr\/wp-json\/wp\/v2\/types\/page"}],"author":[{"embeddable":true,"href":"https:\/\/www.zeichnungsverlag.ch\/fr\/wp-json\/wp\/v2\/users\/1"}],"replies":[{"embeddable":true,"href":"https:\/\/www.zeichnungsverlag.ch\/fr\/wp-json\/wp\/v2\/comments?post=4226"}],"version-history":[{"count":31,"href":"https:\/\/www.zeichnungsverlag.ch\/fr\/wp-json\/wp\/v2\/pages\/4226\/revisions"}],"predecessor-version":[{"id":4894,"href":"https:\/\/www.zeichnungsverlag.ch\/fr\/wp-json\/wp\/v2\/pages\/4226\/revisions\/4894"}],"wp:attachment":[{"href":"https:\/\/www.zeichnungsverlag.ch\/fr\/wp-json\/wp\/v2\/media?parent=4226"}],"curies":[{"name":"wp","href":"https:\/\/api.w.org\/{rel}","templated":true}]}}